{"id":1790,"date":"2021-11-18T10:03:12","date_gmt":"2021-11-18T09:03:12","guid":{"rendered":"https:\/\/ecoper.eu\/es\/?page_id=1790"},"modified":"2021-11-18T10:04:35","modified_gmt":"2021-11-18T09:04:35","slug":"proyectos","status":"publish","type":"page","link":"https:\/\/ecoper.eu\/es\/proyectos\/","title":{"rendered":"Proyectos"},"content":{"rendered":"<style>.wp-show-posts-columns#wpsp-1788 {margin-left: -2em; }.wp-show-posts-columns#wpsp-1788 .wp-show-posts-inner {margin: 0 0 2em 2em; }<\/style><section id=\"wpsp-1788\" class=\" wp-show-posts\" style=\"\"><article class=\" wp-show-posts-single wpsp-clearfix post-2195 post type-post status-publish format-standard has-post-thumbnail hentry category-analysis_and_evaluation category-development_cooperation_projects country-mozambique country-benin country-bangladesh country-burkina-faso country-niger country-jordania country-senegal country-yemen region-mena region-subsharan-africa region-asia-pacific sdg-13-accion-por-el-clima sdg-15-vida-de-ecosistemas-terrestres sdg-3-salud-y-bienestar sdg-5-igualdad-de-genero cliente-islamic-development-bank cliente-unesco-2\" itemtype=\"http:\/\/schema.org\/CreativeWork\" itemscope><div class=\"wp-show-posts-inner\" style=\"\">\t\t\t\t\t\t<header class=\"wp-show-posts-entry-header\">\n\t\t\t\t\t\t\t<h2 class=\"wp-show-posts-entry-title\" itemprop=\"headline\"><a href=\"https:\/\/ecoper.eu\/es\/2024\/10\/03\/evaluacion-del-apoyo-de-la-academia-mundial-de-ciencias-a-la-ciencia-de-la-sostenibilidad-en-los-paises-menos-desarrollados-ldcs\/\" rel=\"bookmark\">Evaluaci\u00f3n del apoyo de la Academia Mundial de Ciencias a la ciencia de la sostenibilidad en los pa\u00edses menos desarrollados (LDCs)<\/a><\/h2><div class=\"wp-show-posts-entry-meta wp-show-posts-entry-meta-below-title post-meta-inline\"><span class=\"wp-show-posts-posted-on wp-show-posts-meta\">\n\t\t\t\t\t<a href=\"https:\/\/ecoper.eu\/es\/2024\/10\/03\/evaluacion-del-apoyo-de-la-academia-mundial-de-ciencias-a-la-ciencia-de-la-sostenibilidad-en-los-paises-menos-desarrollados-ldcs\/\" title=\"1:24 pm\" rel=\"bookmark\"><time class=\"wp-show-posts-entry-date published\" datetime=\"2024-10-03T13:24:00+02:00\" itemprop=\"datePublished\">10\/03\/2024<\/time><time class=\"wp-show-posts-updated\" datetime=\"2025-01-13T14:14:51+01:00\" itemprop=\"dateModified\">01\/13\/2025<\/time><\/a>\n\t\t\t\t<\/span><\/div>\t\t\t\t\t\t<\/header><!-- .entry-header -->\n\t\t\t\t\t\t\t<div class=\"wp-show-posts-image  wpsp-image-left \">\n\t\t\t<a href=\"https:\/\/ecoper.eu\/es\/2024\/10\/03\/evaluacion-del-apoyo-de-la-academia-mundial-de-ciencias-a-la-ciencia-de-la-sostenibilidad-en-los-paises-menos-desarrollados-ldcs\/\"  title=\"Evaluaci\u00f3n del apoyo de la Academia Mundial de Ciencias a la ciencia de la sostenibilidad en los pa\u00edses menos desarrollados (LDCs)\">\t\t\t\t\t<img src=\"https:\/\/ecoper.eu\/es\/wp-content\/uploads\/sites\/2\/2025\/01\/TWAS-cuadrado1-150x150.png\" alt=\"Evaluaci\u00f3n del apoyo de la Academia Mundial de Ciencias a la ciencia de la sostenibilidad en los pa\u00edses menos desarrollados (LDCs)\" itemprop=\"image\" class=\"left\" \/>\n\t\t\t\t<\/a>\t\t<\/div>\n\t\t\t\t\t\t\t\t<div class=\"wp-show-posts-entry-summary\" itemprop=\"text\">\n\t\t\t\t\t\t\t<p>La Academia Mundial de Ciencias (TWAS), fundada en 1983, es una organizaci\u00f3n internacional dedicada a promover la capacidad cient\u00edfica y la excelencia para el desarrollo sostenible en el mundo en desarrollo. Como una unidad de programa de la UNESCO, TWAS apoya la investigaci\u00f3n, proporciona becas y fomenta la colaboraci\u00f3n entre cient\u00edficos del sur global. Con&#8230;<\/p>\n\t\t\t\t\t\t<\/div><!-- .entry-summary -->\n\t\t\t\t\t<div class=\"wpsp-read-more\"><a title=\"Evaluaci\u00f3n del apoyo de la Academia Mundial de Ciencias a la ciencia de la sostenibilidad en los pa\u00edses menos desarrollados (LDCs)\" class=\"wp-show-posts-read-more\" href=\"https:\/\/ecoper.eu\/es\/2024\/10\/03\/evaluacion-del-apoyo-de-la-academia-mundial-de-ciencias-a-la-ciencia-de-la-sostenibilidad-en-los-paises-menos-desarrollados-ldcs\/\">Leer m\u00e1s<\/a><\/div><\/div><!-- wp-show-posts-inner --><div class=\"wpsp-clear\"><\/div><\/article><article class=\" wp-show-posts-single wpsp-clearfix post-2209 post type-post status-publish format-standard has-post-thumbnail hentry category-development_cooperation_projects category-analysis_and_evaluation region-subsharan-africa sdg-5-igualdad-de-genero sdg-8-economias-inclusivas sdg-16-instituciones-solidas cliente-idlo pais-senegal pais-uganda pais-mauritania pais-liberia pais-somalia pais-gambia pais-malawi pais-ethiopia pais-rwanda pais-mozambique\" itemtype=\"http:\/\/schema.org\/CreativeWork\" itemscope><div class=\"wp-show-posts-inner\" style=\"\">\t\t\t\t\t\t<header class=\"wp-show-posts-entry-header\">\n\t\t\t\t\t\t\t<h2 class=\"wp-show-posts-entry-title\" itemprop=\"headline\"><a href=\"https:\/\/ecoper.eu\/es\/2024\/09\/30\/evaluacion-del-programa-de-apoyo-a-la-inversion-de-la-idlo-para-los-paises-menos-desarrollados-isp-ldcs\/\" rel=\"bookmark\">Evaluaci\u00f3n del Programa de Apoyo a la Inversi\u00f3n de la IDLO para los Pa\u00edses Menos Desarrollados (ISP\/LDCs)<\/a><\/h2><div class=\"wp-show-posts-entry-meta wp-show-posts-entry-meta-below-title post-meta-inline\"><span class=\"wp-show-posts-posted-on wp-show-posts-meta\">\n\t\t\t\t\t<a href=\"https:\/\/ecoper.eu\/es\/2024\/09\/30\/evaluacion-del-programa-de-apoyo-a-la-inversion-de-la-idlo-para-los-paises-menos-desarrollados-isp-ldcs\/\" title=\"5:35 pm\" rel=\"bookmark\"><time class=\"wp-show-posts-entry-date published\" datetime=\"2024-09-30T17:35:00+02:00\" itemprop=\"datePublished\">09\/30\/2024<\/time><time class=\"wp-show-posts-updated\" datetime=\"2025-01-21T18:03:54+01:00\" itemprop=\"dateModified\">01\/21\/2025<\/time><\/a>\n\t\t\t\t<\/span><\/div>\t\t\t\t\t\t<\/header><!-- .entry-header -->\n\t\t\t\t\t\t\t<div class=\"wp-show-posts-image  wpsp-image-left \">\n\t\t\t<a href=\"https:\/\/ecoper.eu\/es\/2024\/09\/30\/evaluacion-del-programa-de-apoyo-a-la-inversion-de-la-idlo-para-los-paises-menos-desarrollados-isp-ldcs\/\"  title=\"Evaluaci\u00f3n del Programa de Apoyo a la Inversi\u00f3n de la IDLO para los Pa\u00edses Menos Desarrollados (ISP\/LDCs)\">\t\t\t\t\t<img src=\"https:\/\/ecoper.eu\/es\/wp-content\/uploads\/sites\/2\/2025\/01\/IDLO-LOGO-150x150.png\" alt=\"Evaluaci\u00f3n del Programa de Apoyo a la Inversi\u00f3n de la IDLO para los Pa\u00edses Menos Desarrollados (ISP\/LDCs)\" itemprop=\"image\" class=\"left\" \/>\n\t\t\t\t<\/a>\t\t<\/div>\n\t\t\t\t\t\t\t\t<div class=\"wp-show-posts-entry-summary\" itemprop=\"text\">\n\t\t\t\t\t\t\t<p>El \u00abPrograma de Apoyo a la Inversi\u00f3n para los Pa\u00edses Menos Desarrollados (ISP\/LDC)\u00bb proporciona asistencia t\u00e9cnica y legal, as\u00ed como fortalecimiento de capacidades complementarias a los gobiernos de los PMD y a entidades del sector privado en asuntos relacionados con la inversi\u00f3n, incluyendo negociaciones y resoluci\u00f3n de disputas. La asistencia bajo el ISP\/LDC se proporciona&#8230;<\/p>\n\t\t\t\t\t\t<\/div><!-- .entry-summary -->\n\t\t\t\t\t<div class=\"wpsp-read-more\"><a title=\"Evaluaci\u00f3n del Programa de Apoyo a la Inversi\u00f3n de la IDLO para los Pa\u00edses Menos Desarrollados (ISP\/LDCs)\" class=\"wp-show-posts-read-more\" href=\"https:\/\/ecoper.eu\/es\/2024\/09\/30\/evaluacion-del-programa-de-apoyo-a-la-inversion-de-la-idlo-para-los-paises-menos-desarrollados-isp-ldcs\/\">Leer m\u00e1s<\/a><\/div><\/div><!-- wp-show-posts-inner --><div class=\"wpsp-clear\"><\/div><\/article><article class=\" wp-show-posts-single wpsp-clearfix post-2199 post type-post status-publish format-standard has-post-thumbnail hentry category-development_cooperation_projects category-analysis_and_evaluation country-benin country-burkina-faso country-niger country-togo region-subsharan-africa sdg-8-economias-inclusivas sdg-17-alianzas cliente-omc cliente-cnuced\" itemtype=\"http:\/\/schema.org\/CreativeWork\" itemscope><div class=\"wp-show-posts-inner\" style=\"\">\t\t\t\t\t\t<header class=\"wp-show-posts-entry-header\">\n\t\t\t\t\t\t\t<h2 class=\"wp-show-posts-entry-title\" itemprop=\"headline\"><a href=\"https:\/\/ecoper.eu\/es\/2024\/06\/13\/africa-occidental-comercio-regional-e-integracion-en-las-cadenas-de-valor-globales\/\" rel=\"bookmark\">\u00c1frica Occidental: comercio regional e integraci\u00f3n en las cadenas de valor globales<\/a><\/h2><div class=\"wp-show-posts-entry-meta wp-show-posts-entry-meta-below-title post-meta-inline\"><span class=\"wp-show-posts-posted-on wp-show-posts-meta\">\n\t\t\t\t\t<a href=\"https:\/\/ecoper.eu\/es\/2024\/06\/13\/africa-occidental-comercio-regional-e-integracion-en-las-cadenas-de-valor-globales\/\" title=\"2:18 pm\" rel=\"bookmark\"><time class=\"wp-show-posts-entry-date published\" datetime=\"2024-06-13T14:18:00+02:00\" itemprop=\"datePublished\">06\/13\/2024<\/time><time class=\"wp-show-posts-updated\" datetime=\"2025-01-13T16:22:29+01:00\" itemprop=\"dateModified\">01\/13\/2025<\/time><\/a>\n\t\t\t\t<\/span><\/div>\t\t\t\t\t\t<\/header><!-- .entry-header -->\n\t\t\t\t\t\t\t<div class=\"wp-show-posts-image  wpsp-image-left \">\n\t\t\t<a href=\"https:\/\/ecoper.eu\/es\/2024\/06\/13\/africa-occidental-comercio-regional-e-integracion-en-las-cadenas-de-valor-globales\/\"  title=\"\u00c1frica Occidental: comercio regional e integraci\u00f3n en las cadenas de valor globales\">\t\t\t\t\t<img src=\"https:\/\/ecoper.eu\/es\/wp-content\/uploads\/sites\/2\/2025\/01\/unctad-cuadrado1-150x150.jpg\" alt=\"\u00c1frica Occidental: comercio regional e integraci\u00f3n en las cadenas de valor globales\" itemprop=\"image\" class=\"left\" \/>\n\t\t\t\t<\/a>\t\t<\/div>\n\t\t\t\t\t\t\t\t<div class=\"wp-show-posts-entry-summary\" itemprop=\"text\">\n\t\t\t\t\t\t\t<p>\u00c1frica Occidental enfrenta importantes desaf\u00edos comerciales, incluyendo infraestructura envejecida, procesos aduaneros ineficientes y altos costos log\u00edsticos que obstaculizan el comercio regional e internacional. Las altas demoras y costos de transporte, as\u00ed como las barreras no arancelarias, limitan su competitividad en los mercados globales. En este contexto, la UNCTAD ha llevado a cabo un proyecto de&#8230;<\/p>\n\t\t\t\t\t\t<\/div><!-- .entry-summary -->\n\t\t\t\t\t<div class=\"wpsp-read-more\"><a title=\"\u00c1frica Occidental: comercio regional e integraci\u00f3n en las cadenas de valor globales\" class=\"wp-show-posts-read-more\" href=\"https:\/\/ecoper.eu\/es\/2024\/06\/13\/africa-occidental-comercio-regional-e-integracion-en-las-cadenas-de-valor-globales\/\">Leer m\u00e1s<\/a><\/div><\/div><!-- wp-show-posts-inner --><div class=\"wpsp-clear\"><\/div><\/article><article class=\" wp-show-posts-single wpsp-clearfix post-2204 post type-post status-publish format-standard has-post-thumbnail hentry category-development_cooperation_projects category-analysis_and_evaluation sdg-9-industria-innovacion-e-infraestructura sdg-4-educacion-de-calidad sdg-5-igualdad-de-genero sdg-10-reduccion-de-las-desigualdades sdg-17-alianzas cliente-unesco-2\" itemtype=\"http:\/\/schema.org\/CreativeWork\" itemscope><div class=\"wp-show-posts-inner\" style=\"\">\t\t\t\t\t\t<header class=\"wp-show-posts-entry-header\">\n\t\t\t\t\t\t\t<h2 class=\"wp-show-posts-entry-title\" itemprop=\"headline\"><a href=\"https:\/\/ecoper.eu\/es\/2024\/04\/23\/evaluacion-del-ictp-el-centro-de-categoria-1-de-la-unesco-en-ciencias-naturales\/\" rel=\"bookmark\">Evaluaci\u00f3n del ICTP, el centro de categor\u00eda 1 de la UNESCO en ciencias naturales<\/a><\/h2><div class=\"wp-show-posts-entry-meta wp-show-posts-entry-meta-below-title post-meta-inline\"><span class=\"wp-show-posts-posted-on wp-show-posts-meta\">\n\t\t\t\t\t<a href=\"https:\/\/ecoper.eu\/es\/2024\/04\/23\/evaluacion-del-ictp-el-centro-de-categoria-1-de-la-unesco-en-ciencias-naturales\/\" title=\"5:31 pm\" rel=\"bookmark\"><time class=\"wp-show-posts-entry-date published\" datetime=\"2024-04-23T17:31:00+02:00\" itemprop=\"datePublished\">04\/23\/2024<\/time><time class=\"wp-show-posts-updated\" datetime=\"2025-01-13T17:46:28+01:00\" itemprop=\"dateModified\">01\/13\/2025<\/time><\/a>\n\t\t\t\t<\/span><\/div>\t\t\t\t\t\t<\/header><!-- .entry-header -->\n\t\t\t\t\t\t\t<div class=\"wp-show-posts-image  wpsp-image-left \">\n\t\t\t<a href=\"https:\/\/ecoper.eu\/es\/2024\/04\/23\/evaluacion-del-ictp-el-centro-de-categoria-1-de-la-unesco-en-ciencias-naturales\/\"  title=\"Evaluaci\u00f3n del ICTP, el centro de categor\u00eda 1 de la UNESCO en ciencias naturales\">\t\t\t\t\t<img src=\"\" alt=\"Evaluaci\u00f3n del ICTP, el centro de categor\u00eda 1 de la UNESCO en ciencias naturales\" itemprop=\"image\" class=\"left\" \/>\n\t\t\t\t<\/a>\t\t<\/div>\n\t\t\t\t\t\t\t\t<div class=\"wp-show-posts-entry-summary\" itemprop=\"text\">\n\t\t\t\t\t\t\t<p>ECOPER fue encargado por los Servicios Internos de Supervisi\u00f3n de la UNESCO para llevar a cabo la evaluaci\u00f3n del Centro Internacional de F\u00edsica Te\u00f3rica (ICTP). Bajo el paraguas del Sector de Ciencias Naturales de la UNESCO, el ICTP es un Centro de Categor\u00eda 1 de la UNESCO gobernado por un acuerdo tripartito entre el gobierno&#8230;<\/p>\n\t\t\t\t\t\t<\/div><!-- .entry-summary -->\n\t\t\t\t\t<div class=\"wpsp-read-more\"><a title=\"Evaluaci\u00f3n del ICTP, el centro de categor\u00eda 1 de la UNESCO en ciencias naturales\" class=\"wp-show-posts-read-more\" href=\"https:\/\/ecoper.eu\/es\/2024\/04\/23\/evaluacion-del-ictp-el-centro-de-categoria-1-de-la-unesco-en-ciencias-naturales\/\">Leer m\u00e1s<\/a><\/div><\/div><!-- wp-show-posts-inner --><div class=\"wpsp-clear\"><\/div><\/article><article class=\" wp-show-posts-single wpsp-clearfix post-2135 post type-post status-publish format-standard has-post-thumbnail hentry category-development_cooperation_projects tag-trabajo-infantil tag-proteccion-social tag-eftp tag-pymes tag-medios-de-vida tag-crecimiento-inclusivo tag-emprendimiento country-global cliente-oit\" itemtype=\"http:\/\/schema.org\/CreativeWork\" itemscope><div class=\"wp-show-posts-inner\" style=\"\">\t\t\t\t\t\t<header class=\"wp-show-posts-entry-header\">\n\t\t\t\t\t\t\t<h2 class=\"wp-show-posts-entry-title\" itemprop=\"headline\"><a href=\"https:\/\/ecoper.eu\/es\/2023\/11\/06\/acuerdo-marco-de-evaluacion-con-la-oit\/\" rel=\"bookmark\">Acuerdo marco de evaluaci\u00f3n con la OIT<\/a><\/h2><div class=\"wp-show-posts-entry-meta wp-show-posts-entry-meta-below-title post-meta-inline\"><span class=\"wp-show-posts-posted-on wp-show-posts-meta\">\n\t\t\t\t\t<a href=\"https:\/\/ecoper.eu\/es\/2023\/11\/06\/acuerdo-marco-de-evaluacion-con-la-oit\/\" title=\"9:21 am\" rel=\"bookmark\"><time class=\"wp-show-posts-entry-date published\" datetime=\"2023-11-06T09:21:00+01:00\" itemprop=\"datePublished\">11\/06\/2023<\/time><time class=\"wp-show-posts-updated\" datetime=\"2023-11-08T09:31:37+01:00\" itemprop=\"dateModified\">11\/08\/2023<\/time><\/a>\n\t\t\t\t<\/span><\/div>\t\t\t\t\t\t<\/header><!-- .entry-header -->\n\t\t\t\t\t\t\t<div class=\"wp-show-posts-image  wpsp-image-left \">\n\t\t\t<a href=\"https:\/\/ecoper.eu\/es\/2023\/11\/06\/acuerdo-marco-de-evaluacion-con-la-oit\/\"  title=\"Acuerdo marco de evaluaci\u00f3n con la OIT\">\t\t\t\t\t<img src=\"https:\/\/ecoper.eu\/es\/wp-content\/uploads\/sites\/2\/2023\/11\/ILO-logo-150x150.jpg\" alt=\"Acuerdo marco de evaluaci\u00f3n con la OIT\" itemprop=\"image\" class=\"left\" \/>\n\t\t\t\t<\/a>\t\t<\/div>\n\t\t\t\t\t\t\t\t<div class=\"wp-show-posts-entry-summary\" itemprop=\"text\">\n\t\t\t\t\t\t\t<p>El equipo de ECOPER se enorgullece de informar de que ha sido seleccionado como socio a largo plazo de la Oficina de Evaluaci\u00f3n de la OIT. Este acuerdo a largo plazo se pondr\u00e1 en marcha a finales de noviembre de 2023 y abarcar\u00e1 evaluaciones corporativas e institucionales de alto nivel, as\u00ed como evaluaciones de proyectos&#8230;.<\/p>\n\t\t\t\t\t\t<\/div><!-- .entry-summary -->\n\t\t\t\t\t<div class=\"wpsp-read-more\"><a title=\"Acuerdo marco de evaluaci\u00f3n con la OIT\" class=\"wp-show-posts-read-more\" href=\"https:\/\/ecoper.eu\/es\/2023\/11\/06\/acuerdo-marco-de-evaluacion-con-la-oit\/\">Leer m\u00e1s<\/a><\/div><\/div><!-- wp-show-posts-inner --><div class=\"wpsp-clear\"><\/div><\/article><article class=\" wp-show-posts-single wpsp-clearfix post-2143 post type-post status-publish format-standard has-post-thumbnail hentry category-development_cooperation_projects category-publicaciones tag-erradicacion-de-la-pobreza tag-grupos-vulnerables tag-reduccion-de-desigualdades tag-crecimiento-inclusivo country-jordania country-ghana country-zambia cliente-parlamento-europeo\" itemtype=\"http:\/\/schema.org\/CreativeWork\" itemscope><div class=\"wp-show-posts-inner\" style=\"\">\t\t\t\t\t\t<header class=\"wp-show-posts-entry-header\">\n\t\t\t\t\t\t\t<h2 class=\"wp-show-posts-entry-title\" itemprop=\"headline\"><a href=\"https:\/\/ecoper.eu\/es\/2023\/08\/30\/estudio-del-parlamento-europeo-garantias-y-prestamos-para-un-desarrollo-inclusivo\/\" rel=\"bookmark\">Estudio del Parlamento Europeo: Garant\u00edas y pr\u00e9stamos para un desarrollo inclusivo<\/a><\/h2><div class=\"wp-show-posts-entry-meta wp-show-posts-entry-meta-below-title post-meta-inline\"><span class=\"wp-show-posts-posted-on wp-show-posts-meta\">\n\t\t\t\t\t<a href=\"https:\/\/ecoper.eu\/es\/2023\/08\/30\/estudio-del-parlamento-europeo-garantias-y-prestamos-para-un-desarrollo-inclusivo\/\" title=\"9:51 am\" rel=\"bookmark\"><time class=\"wp-show-posts-entry-date published\" datetime=\"2023-08-30T09:51:00+02:00\" itemprop=\"datePublished\">08\/30\/2023<\/time><time class=\"wp-show-posts-updated\" datetime=\"2023-11-08T09:52:40+01:00\" itemprop=\"dateModified\">11\/08\/2023<\/time><\/a>\n\t\t\t\t<\/span><\/div>\t\t\t\t\t\t<\/header><!-- .entry-header -->\n\t\t\t\t\t\t\t<div class=\"wp-show-posts-image  wpsp-image-left \">\n\t\t\t<a href=\"https:\/\/ecoper.eu\/es\/2023\/08\/30\/estudio-del-parlamento-europeo-garantias-y-prestamos-para-un-desarrollo-inclusivo\/\"  title=\"Estudio del Parlamento Europeo: Garant\u00edas y pr\u00e9stamos para un desarrollo inclusivo\">\t\t\t\t\t<img src=\"https:\/\/ecoper.eu\/es\/wp-content\/uploads\/sites\/2\/2023\/11\/STUDY-European-Parlament-EFSD-scaled-150x150.jpg\" alt=\"Estudio del Parlamento Europeo: Garant\u00edas y pr\u00e9stamos para un desarrollo inclusivo\" itemprop=\"image\" class=\"left\" \/>\n\t\t\t\t<\/a>\t\t<\/div>\n\t\t\t\t\t\t\t\t<div class=\"wp-show-posts-entry-summary\" itemprop=\"text\">\n\t\t\t\t\t\t\t<p>El Parlamento Europeo ha publicado un informe escrito por ECOPER sobre la aplicaci\u00f3n de las operaciones del Fondo Europeo para el Desarrollo Sostenible Plus (FEDS+) desde una perspectiva integradora. Al proporcionar garant\u00edas y subvenciones para pr\u00e9stamos, as\u00ed como inversiones de capital, se espera que el FEDS+ contribuya al desarrollo inclusivo y a los objetivos relacionados,&#8230;<\/p>\n\t\t\t\t\t\t<\/div><!-- .entry-summary -->\n\t\t\t\t\t<div class=\"wpsp-read-more\"><a title=\"Estudio del Parlamento Europeo: Garant\u00edas y pr\u00e9stamos para un desarrollo inclusivo\" class=\"wp-show-posts-read-more\" href=\"https:\/\/ecoper.eu\/es\/2023\/08\/30\/estudio-del-parlamento-europeo-garantias-y-prestamos-para-un-desarrollo-inclusivo\/\">Leer m\u00e1s<\/a><\/div><\/div><!-- wp-show-posts-inner --><div class=\"wpsp-clear\"><\/div><\/article><article class=\" wp-show-posts-single wpsp-clearfix post-2148 post type-post status-publish format-standard has-post-thumbnail hentry category-development_cooperation_projects category-analysis_and_evaluation tag-ods country-madagascar cliente-secretaria-de-las-naciones-unidas\" itemtype=\"http:\/\/schema.org\/CreativeWork\" itemscope><div class=\"wp-show-posts-inner\" style=\"\">\t\t\t\t\t\t<header class=\"wp-show-posts-entry-header\">\n\t\t\t\t\t\t\t<h2 class=\"wp-show-posts-entry-title\" itemprop=\"headline\"><a href=\"https:\/\/ecoper.eu\/es\/2023\/07\/15\/evaluacion-del-papel-de-los-coordinadores-residentes-de-la-onu-en-el-asesoramiento-politico-coherente\/\" rel=\"bookmark\">Evaluaci\u00f3n del papel de los Coordinadores Residentes de la ONU en el asesoramiento pol\u00edtico coherente<\/a><\/h2><div class=\"wp-show-posts-entry-meta wp-show-posts-entry-meta-below-title post-meta-inline\"><span class=\"wp-show-posts-posted-on wp-show-posts-meta\">\n\t\t\t\t\t<a href=\"https:\/\/ecoper.eu\/es\/2023\/07\/15\/evaluacion-del-papel-de-los-coordinadores-residentes-de-la-onu-en-el-asesoramiento-politico-coherente\/\" title=\"9:53 am\" rel=\"bookmark\"><time class=\"wp-show-posts-entry-date published\" datetime=\"2023-07-15T09:53:00+02:00\" itemprop=\"datePublished\">07\/15\/2023<\/time><time class=\"wp-show-posts-updated\" datetime=\"2023-11-08T09:57:54+01:00\" itemprop=\"dateModified\">11\/08\/2023<\/time><\/a>\n\t\t\t\t<\/span><\/div>\t\t\t\t\t\t<\/header><!-- .entry-header -->\n\t\t\t\t\t\t\t<div class=\"wp-show-posts-image  wpsp-image-left \">\n\t\t\t<a href=\"https:\/\/ecoper.eu\/es\/2023\/07\/15\/evaluacion-del-papel-de-los-coordinadores-residentes-de-la-onu-en-el-asesoramiento-politico-coherente\/\"  title=\"Evaluaci\u00f3n del papel de los Coordinadores Residentes de la ONU en el asesoramiento pol\u00edtico coherente\">\t\t\t\t\t<img src=\"https:\/\/ecoper.eu\/es\/wp-content\/uploads\/sites\/2\/2023\/11\/UN-logo-150x150.jpg\" alt=\"Evaluaci\u00f3n del papel de los Coordinadores Residentes de la ONU en el asesoramiento pol\u00edtico coherente\" itemprop=\"image\" class=\"left\" \/>\n\t\t\t\t<\/a>\t\t<\/div>\n\t\t\t\t\t\t\t\t<div class=\"wp-show-posts-entry-summary\" itemprop=\"text\">\n\t\t\t\t\t\t\t<p>El Jefe Consultor de ECOPER, Aitor P\u00e9rez, fue seleccionado para formar parte de un grupo de expertos de la Oficina de Servicios de Supervisi\u00f3n Interna (OSSI) de la Secretar\u00eda de las Naciones Unidas para la evaluaci\u00f3n del sistema de Coordinadores Residentes de la ONU. La OSSI tiene el mandato de la Asamblea General de las&#8230;<\/p>\n\t\t\t\t\t\t<\/div><!-- .entry-summary -->\n\t\t\t\t\t<div class=\"wpsp-read-more\"><a title=\"Evaluaci\u00f3n del papel de los Coordinadores Residentes de la ONU en el asesoramiento pol\u00edtico coherente\" class=\"wp-show-posts-read-more\" href=\"https:\/\/ecoper.eu\/es\/2023\/07\/15\/evaluacion-del-papel-de-los-coordinadores-residentes-de-la-onu-en-el-asesoramiento-politico-coherente\/\">Leer m\u00e1s<\/a><\/div><\/div><!-- wp-show-posts-inner --><div class=\"wpsp-clear\"><\/div><\/article><article class=\" wp-show-posts-single wpsp-clearfix post-2123 post type-post status-publish format-standard has-post-thumbnail hentry category-development_cooperation_projects category-analysis_and_evaluation tag-unesco country-global\" itemtype=\"http:\/\/schema.org\/CreativeWork\" itemscope><div class=\"wp-show-posts-inner\" style=\"\">\t\t\t\t\t\t<header class=\"wp-show-posts-entry-header\">\n\t\t\t\t\t\t\t<h2 class=\"wp-show-posts-entry-title\" itemprop=\"headline\"><a href=\"https:\/\/ecoper.eu\/es\/2023\/06\/02\/evaluacion-de-la-red-de-ciudades-creativas-de-la-unesco-uccn-con-tecnicas-de-big-data\/\" rel=\"bookmark\">Evaluaci\u00f3n de la Red de Ciudades Creativas de la UNESCO (UCCN) con t\u00e9cnicas de big data<\/a><\/h2><div class=\"wp-show-posts-entry-meta wp-show-posts-entry-meta-below-title post-meta-inline\"><span class=\"wp-show-posts-posted-on wp-show-posts-meta\">\n\t\t\t\t\t<a href=\"https:\/\/ecoper.eu\/es\/2023\/06\/02\/evaluacion-de-la-red-de-ciudades-creativas-de-la-unesco-uccn-con-tecnicas-de-big-data\/\" title=\"8:50 am\" rel=\"bookmark\"><time class=\"wp-show-posts-entry-date published\" datetime=\"2023-06-02T08:50:58+02:00\" itemprop=\"datePublished\">06\/02\/2023<\/time><time class=\"wp-show-posts-updated\" datetime=\"2023-06-08T13:48:50+02:00\" itemprop=\"dateModified\">06\/08\/2023<\/time><\/a>\n\t\t\t\t<\/span><\/div>\t\t\t\t\t\t<\/header><!-- .entry-header -->\n\t\t\t\t\t\t\t<div class=\"wp-show-posts-image  wpsp-image-left \">\n\t\t\t<a href=\"https:\/\/ecoper.eu\/es\/2023\/06\/02\/evaluacion-de-la-red-de-ciudades-creativas-de-la-unesco-uccn-con-tecnicas-de-big-data\/\"  title=\"Evaluaci\u00f3n de la Red de Ciudades Creativas de la UNESCO (UCCN) con t\u00e9cnicas de big data\">\t\t\t\t\t<img src=\"https:\/\/ecoper.eu\/es\/wp-content\/uploads\/sites\/2\/2023\/06\/UCCN_TOC-150x150.jpg\" alt=\"Evaluaci\u00f3n de la Red de Ciudades Creativas de la UNESCO (UCCN) con t\u00e9cnicas de big data\" itemprop=\"image\" class=\"left\" \/>\n\t\t\t\t<\/a>\t\t<\/div>\n\t\t\t\t\t\t\t\t<div class=\"wp-show-posts-entry-summary\" itemprop=\"text\">\n\t\t\t\t\t\t\t<p>La UNESCO ha encargado a ECOPER la evaluaci\u00f3n de la Red de Ciudades Creativas de la UNESCO (UCCN). La UCCN es una red de ciudades creada por la UNESCO con el prop\u00f3sito de promover el uso de la cultura y la creatividad en las ciudades miembros como motor del desarrollo urbano sostenible. En muchos \u00e1mbitos&#8230;<\/p>\n\t\t\t\t\t\t<\/div><!-- .entry-summary -->\n\t\t\t\t\t<div class=\"wpsp-read-more\"><a title=\"Evaluaci\u00f3n de la Red de Ciudades Creativas de la UNESCO (UCCN) con t\u00e9cnicas de big data\" class=\"wp-show-posts-read-more\" href=\"https:\/\/ecoper.eu\/es\/2023\/06\/02\/evaluacion-de-la-red-de-ciudades-creativas-de-la-unesco-uccn-con-tecnicas-de-big-data\/\">Leer m\u00e1s<\/a><\/div><\/div><!-- wp-show-posts-inner --><div class=\"wpsp-clear\"><\/div><\/article><article class=\" wp-show-posts-single wpsp-clearfix post-2092 post type-post status-publish format-standard has-post-thumbnail hentry category-development_cooperation_projects tag-cooperacion-descentralizada cliente-avcd-elankidetza\" itemtype=\"http:\/\/schema.org\/CreativeWork\" itemscope><div class=\"wp-show-posts-inner\" style=\"\">\t\t\t\t\t\t<header class=\"wp-show-posts-entry-header\">\n\t\t\t\t\t\t\t<h2 class=\"wp-show-posts-entry-title\" itemprop=\"headline\"><a href=\"https:\/\/ecoper.eu\/es\/2023\/03\/01\/informe-de-cooperacion-descentralizada-2022\/\" rel=\"bookmark\">Informe de cooperaci\u00f3n descentralizada, 2022<\/a><\/h2><div class=\"wp-show-posts-entry-meta wp-show-posts-entry-meta-below-title post-meta-inline\"><span class=\"wp-show-posts-posted-on wp-show-posts-meta\">\n\t\t\t\t\t<a href=\"https:\/\/ecoper.eu\/es\/2023\/03\/01\/informe-de-cooperacion-descentralizada-2022\/\" title=\"1:11 pm\" rel=\"bookmark\"><time class=\"wp-show-posts-entry-date published\" datetime=\"2023-03-01T13:11:00+01:00\" itemprop=\"datePublished\">03\/01\/2023<\/time><time class=\"wp-show-posts-updated\" datetime=\"2023-06-08T13:52:29+02:00\" itemprop=\"dateModified\">06\/08\/2023<\/time><\/a>\n\t\t\t\t<\/span><\/div>\t\t\t\t\t\t<\/header><!-- .entry-header -->\n\t\t\t\t\t\t\t<div class=\"wp-show-posts-image  wpsp-image-left \">\n\t\t\t<a href=\"https:\/\/ecoper.eu\/es\/2023\/03\/01\/informe-de-cooperacion-descentralizada-2022\/\"  title=\"Informe de cooperaci\u00f3n descentralizada, 2022\">\t\t\t\t\t<img src=\"https:\/\/ecoper.eu\/es\/wp-content\/uploads\/sites\/2\/2023\/03\/portada_alt4-vF-150x150.jpg\" alt=\"Informe de cooperaci\u00f3n descentralizada, 2022\" itemprop=\"image\" class=\"left\" \/>\n\t\t\t\t<\/a>\t\t<\/div>\n\t\t\t\t\t\t\t\t<div class=\"wp-show-posts-entry-summary\" itemprop=\"text\">\n\t\t\t\t\t\t\t<p>Un an\u00e1lisis cuantitativo de la ayuda al desarrollo de gobiernos subestatales con estudios de caso de cooperaci\u00f3n ciudad a ciudad y regi\u00f3n a regi\u00f3n. Informe de Cooperaci\u00f3n Descentralizada 2022 ECOPER ha recibido el encargo de la Agencia Vasca de Cooperaci\u00f3n para el Desarrollo (eLankidetza) de contribuir al conocimiento y la valoraci\u00f3n de la cooperaci\u00f3n descentralizada&#8230;<\/p>\n\t\t\t\t\t\t<\/div><!-- .entry-summary -->\n\t\t\t\t\t<div class=\"wpsp-read-more\"><a title=\"Informe de cooperaci\u00f3n descentralizada, 2022\" class=\"wp-show-posts-read-more\" href=\"https:\/\/ecoper.eu\/es\/2023\/03\/01\/informe-de-cooperacion-descentralizada-2022\/\">Leer m\u00e1s<\/a><\/div><\/div><!-- wp-show-posts-inner --><div class=\"wpsp-clear\"><\/div><\/article><article class=\" wp-show-posts-single wpsp-clearfix post-2103 post type-post status-publish format-standard hentry category-development_cooperation_projects\" itemtype=\"http:\/\/schema.org\/CreativeWork\" itemscope><div class=\"wp-show-posts-inner\" style=\"\">\t\t\t\t\t\t<header class=\"wp-show-posts-entry-header\">\n\t\t\t\t\t\t\t<h2 class=\"wp-show-posts-entry-title\" itemprop=\"headline\"><a href=\"https:\/\/ecoper.eu\/es\/2022\/12\/19\/bilbao-y-sus-objetivos-de-desarrollo-en-las-redes-de-ciudades\/\" rel=\"bookmark\">Bilbao y sus objetivos de desarrollo en las redes de ciudades<\/a><\/h2><div class=\"wp-show-posts-entry-meta wp-show-posts-entry-meta-below-title post-meta-inline\"><span class=\"wp-show-posts-posted-on wp-show-posts-meta\">\n\t\t\t\t\t<a href=\"https:\/\/ecoper.eu\/es\/2022\/12\/19\/bilbao-y-sus-objetivos-de-desarrollo-en-las-redes-de-ciudades\/\" title=\"4:51 pm\" rel=\"bookmark\"><time class=\"wp-show-posts-entry-date published\" datetime=\"2022-12-19T16:51:00+01:00\" itemprop=\"datePublished\">12\/19\/2022<\/time><time class=\"wp-show-posts-updated\" datetime=\"2023-03-16T16:58:02+01:00\" itemprop=\"dateModified\">03\/16\/2023<\/time><\/a>\n\t\t\t\t<\/span><\/div>\t\t\t\t\t\t<\/header><!-- .entry-header -->\n\t\t\t\t\t\t\t\t\t\t\t<div class=\"wp-show-posts-entry-summary\" itemprop=\"text\">\n\t\t\t\t\t\t\t<p>La proliferaci\u00f3n de redes de ciudades son una oportunidad para intercambiar conocimiento y experiencias sobre localizaci\u00f3n de objetivos de desarrollo sostenible (ODS). Mediante un an\u00e1lisis big data, ECOPER analiza con qu\u00e9 ODS se relaciona a Bilbao en las redes internacionales de ciudades y en qu\u00e9 medida estos ODS interesan a las entidades ciudadanas bilba\u00ednas. Este&#8230;<\/p>\n\t\t\t\t\t\t<\/div><!-- .entry-summary -->\n\t\t\t\t\t<div class=\"wpsp-read-more\"><a title=\"Bilbao y sus objetivos de desarrollo en las redes de ciudades\" class=\"wp-show-posts-read-more\" href=\"https:\/\/ecoper.eu\/es\/2022\/12\/19\/bilbao-y-sus-objetivos-de-desarrollo-en-las-redes-de-ciudades\/\">Leer m\u00e1s<\/a><\/div><\/div><!-- wp-show-posts-inner --><div class=\"wpsp-clear\"><\/div><\/article><\/section><!-- .wp-show-posts --><div class=\"wpsp-load-more\"><span aria-current=\"page\" class=\"page-numbers current\">1<\/span>\n<a class=\"page-numbers\" href=\"https:\/\/ecoper.eu\/es\/wp-json\/wp\/v2\/pages\/1790\/page\/2\/\">2<\/a>\n<span class=\"page-numbers dots\">&hellip;<\/span>\n<a class=\"page-numbers\" href=\"https:\/\/ecoper.eu\/es\/wp-json\/wp\/v2\/pages\/1790\/page\/5\/\">5<\/a>\n<a class=\"next page-numbers\" href=\"https:\/\/ecoper.eu\/es\/wp-json\/wp\/v2\/pages\/1790\/page\/2\/\">Siguiente &rarr;<\/a><\/div>\n","protected":false},"excerpt":{"rendered":"","protected":false},"author":2,"featured_media":0,"parent":0,"menu_order":0,"comment_status":"closed","ping_status":"closed","template":"","meta":{"_generate-full-width-content":""},"_links":{"self":[{"href":"https:\/\/ecoper.eu\/es\/wp-json\/wp\/v2\/pages\/1790"}],"collection":[{"href":"https:\/\/ecoper.eu\/es\/wp-json\/wp\/v2\/pages"}],"about":[{"href":"https:\/\/ecoper.eu\/es\/wp-json\/wp\/v2\/types\/page"}],"author":[{"embeddable":true,"href":"https:\/\/ecoper.eu\/es\/wp-json\/wp\/v2\/users\/2"}],"replies":[{"embeddable":true,"href":"https:\/\/ecoper.eu\/es\/wp-json\/wp\/v2\/comments?post=1790"}],"version-history":[{"count":1,"href":"https:\/\/ecoper.eu\/es\/wp-json\/wp\/v2\/pages\/1790\/revisions"}],"predecessor-version":[{"id":1792,"href":"https:\/\/ecoper.eu\/es\/wp-json\/wp\/v2\/pages\/1790\/revisions\/1792"}],"wp:attachment":[{"href":"https:\/\/ecoper.eu\/es\/wp-json\/wp\/v2\/media?parent=1790"}],"curies":[{"name":"wp","href":"https:\/\/api.w.org\/{rel}","templated":true}]}}